{"id":30056,"date":"2023-10-16T09:04:40","date_gmt":"2023-10-16T07:04:40","guid":{"rendered":"https:\/\/museeduski.ch\/newspaper-articles-and-reports\/"},"modified":"2025-01-07T16:33:53","modified_gmt":"2025-01-07T15:33:53","slug":"newspaper-articles-and-reports","status":"publish","type":"page","link":"https:\/\/museeduski.ch\/en\/newspaper-articles-and-reports\/","title":{"rendered":"Newspaper articles and reports"},"content":{"rendered":"\t\t<div data-elementor-type=\"wp-page\" data-elementor-id=\"30056\" class=\"elementor elementor-30056 elementor-29937\" data-elementor-post-type=\"page\">\n\t\t\t\t\t\t\t<div class=\"elementor-element elementor-element-60f92bf e-con-full e-flex e-con e-parent\" data-id=\"60f92bf\" data-element_type=\"container\" data-settings=\"{&quot;content_width&quot;:&quot;full&quot;,&quot;container_type&quot;:&quot;flex&quot;}\" data-core-v316-plus=\"true\">\n\t\t<div class=\"elementor-element elementor-element-99b192e e-con-full e-flex e-con e-child\" data-id=\"99b192e\" data-element_type=\"container\" data-settings=\"{&quot;content_width&quot;:&quot;full&quot;,&quot;container_type&quot;:&quot;flex&quot;}\">\n\t\t\t\t<div class=\"elementor-element elementor-element-2f6a8cb elementor-widget elementor-widget-heading\" data-id=\"2f6a8cb\" data-element_type=\"widget\" data-widget_type=\"heading.default\">\n\t\t\t\t<div class=\"elementor-widget-container\">\n\t\t\t<style>\/*! elementor - v3.16.0 - 20-09-2023 *\/\n.elementor-heading-title{padding:0;margin:0;line-height:1}.elementor-widget-heading .elementor-heading-title[class*=elementor-size-]>a{color:inherit;font-size:inherit;line-height:inherit}.elementor-widget-heading .elementor-heading-title.elementor-size-small{font-size:15px}.elementor-widget-heading .elementor-heading-title.elementor-size-medium{font-size:19px}.elementor-widget-heading .elementor-heading-title.elementor-size-large{font-size:29px}.elementor-widget-heading .elementor-heading-title.elementor-size-xl{font-size:39px}.elementor-widget-heading .elementor-heading-title.elementor-size-xxl{font-size:59px}<\/style><h2 class=\"elementor-heading-title elementor-size-default\">Newspaper articles and reports<\/h2>\t\t<\/div>\n\t\t\t\t<\/div>\n\t\t\t\t<div class=\"elementor-element elementor-element-1fbea68 elementor-widget elementor-widget-spacer\" data-id=\"1fbea68\" data-element_type=\"widget\" data-widget_type=\"spacer.default\">\n\t\t\t\t<div class=\"elementor-widget-container\">\n\t\t\t<style>\/*! elementor - v3.16.0 - 20-09-2023 *\/\n.elementor-column .elementor-spacer-inner{height:var(--spacer-size)}.e-con{--container-widget-width:100%}.e-con-inner>.elementor-widget-spacer,.e-con>.elementor-widget-spacer{width:var(--container-widget-width,var(--spacer-size));--align-self:var(--container-widget-align-self,initial);--flex-shrink:0}.e-con-inner>.elementor-widget-spacer>.elementor-widget-container,.e-con>.elementor-widget-spacer>.elementor-widget-container{height:100%;width:100%}.e-con-inner>.elementor-widget-spacer>.elementor-widget-container>.elementor-spacer,.e-con>.elementor-widget-spacer>.elementor-widget-container>.elementor-spacer{height:100%}.e-con-inner>.elementor-widget-spacer>.elementor-widget-container>.elementor-spacer>.elementor-spacer-inner,.e-con>.elementor-widget-spacer>.elementor-widget-container>.elementor-spacer>.elementor-spacer-inner{height:var(--container-widget-height,var(--spacer-size))}.e-con-inner>.elementor-widget-spacer.elementor-widget-empty,.e-con>.elementor-widget-spacer.elementor-widget-empty{position:relative;min-height:22px;min-width:22px}.e-con-inner>.elementor-widget-spacer.elementor-widget-empty .elementor-widget-empty-icon,.e-con>.elementor-widget-spacer.elementor-widget-empty .elementor-widget-empty-icon{position:absolute;top:0;bottom:0;left:0;right:0;margin:auto;padding:0;width:22px;height:22px}<\/style>\t\t<div class=\"elementor-spacer\">\n\t\t\t<div class=\"elementor-spacer-inner\"><\/div>\n\t\t<\/div>\n\t\t\t\t<\/div>\n\t\t\t\t<\/div>\n\t\t\t\t<\/div>\n\t\t<div class=\"elementor-element elementor-element-aa3012d e-con-full e-flex e-con e-child\" data-id=\"aa3012d\" data-element_type=\"container\" data-settings=\"{&quot;content_width&quot;:&quot;full&quot;,&quot;container_type&quot;:&quot;flex&quot;}\">\n\t\t\t\t<div class=\"elementor-element elementor-element-9483331 elementor-widget elementor-widget-text-editor\" data-id=\"9483331\" data-element_type=\"widget\" data-widget_type=\"text-editor.default\">\n\t\t\t\t<div class=\"elementor-widget-container\">\n\t\t\t<style>\/*! elementor - v3.16.0 - 20-09-2023 *\/\n.elementor-widget-text-editor.elementor-drop-cap-view-stacked .elementor-drop-cap{background-color:#69727d;color:#fff}.elementor-widget-text-editor.elementor-drop-cap-view-framed .elementor-drop-cap{color:#69727d;border:3px solid;background-color:transparent}.elementor-widget-text-editor:not(.elementor-drop-cap-view-default) .elementor-drop-cap{margin-top:8px}.elementor-widget-text-editor:not(.elementor-drop-cap-view-default) .elementor-drop-cap-letter{width:1em;height:1em}.elementor-widget-text-editor .elementor-drop-cap{float:left;text-align:center;line-height:1;font-size:50px}.elementor-widget-text-editor .elementor-drop-cap-letter{display:inline-block}<\/style>\t\t\t\t<p>R\u00e9unissant des articles de la presse qui parle du Mus\u00e9e du Ski, du collectionneur et grand passionn\u00e9 de ski Laurent Donz\u00e9, admirez la collection selon la presse et lisez les meilleurs articles parus.<\/p>\n\t\t\t\t\t\t<\/div>\n\t\t\t\t<\/div>\n\t\t\t\t<\/div>\n\t\t\t\t<\/div>\n\t\t<div class=\"elementor-element elementor-element-38ccd76 e-con-full e-flex e-con e-parent\" data-id=\"38ccd76\" data-element_type=\"container\" data-settings=\"{&quot;content_width&quot;:&quot;full&quot;,&quot;container_type&quot;:&quot;flex&quot;}\" data-core-v316-plus=\"true\">\n\t\t<div class=\"elementor-element elementor-element-cd42c9c e-con-full e-flex e-con e-child\" data-id=\"cd42c9c\" data-element_type=\"container\" data-settings=\"{&quot;content_width&quot;:&quot;full&quot;,&quot;container_type&quot;:&quot;flex&quot;}\">\n\t\t\t\t<div class=\"elementor-element elementor-element-4271045 elementor-widget elementor-widget-image\" data-id=\"4271045\" data-element_type=\"widget\" data-widget_type=\"image.default\">\n\t\t\t\t<div class=\"elementor-widget-container\">\n\t\t\t<style>\/*! elementor - v3.16.0 - 20-09-2023 *\/\n.elementor-widget-image{text-align:center}.elementor-widget-image a{display:inline-block}.elementor-widget-image a img[src$=\".svg\"]{width:48px}.elementor-widget-image img{vertical-align:middle;display:inline-block}<\/style>\t\t\t\t\t\t\t\t\t\t\t\t<img loading=\"lazy\" decoding=\"async\" width=\"768\" height=\"512\" src=\"https:\/\/museeduski.ch\/wp-content\/uploads\/2023\/10\/musee-ski-06-1-768x512.jpg\" class=\"attachment-medium_large size-medium_large wp-image-29951\" alt=\"\" srcset=\"https:\/\/museeduski.ch\/wp-content\/uploads\/2023\/10\/musee-ski-06-1-768x512.jpg 768w, https:\/\/museeduski.ch\/wp-content\/uploads\/2023\/10\/musee-ski-06-1-300x200.jpg 300w, https:\/\/museeduski.ch\/wp-content\/uploads\/2023\/10\/musee-ski-06-1-1024x682.jpg 1024w, https:\/\/museeduski.ch\/wp-content\/uploads\/2023\/10\/musee-ski-06-1-1536x1024.jpg 1536w, https:\/\/museeduski.ch\/wp-content\/uploads\/2023\/10\/musee-ski-06-1.jpg 2000w\" sizes=\"auto, (max-width: 768px) 100vw, 768px\" \/>\t\t\t\t\t\t\t\t\t\t\t\t\t\t\t<\/div>\n\t\t\t\t<\/div>\n\t\t<div class=\"elementor-element elementor-element-9a39fc7 e-flex e-con-boxed e-con e-child\" data-id=\"9a39fc7\" data-element_type=\"container\" data-settings=\"{&quot;container_type&quot;:&quot;flex&quot;,&quot;content_width&quot;:&quot;boxed&quot;}\">\n\t\t\t\t\t<div class=\"e-con-inner\">\n\t\t\t\t<div class=\"elementor-element elementor-element-65014fb elementor-widget elementor-widget-text-editor\" data-id=\"65014fb\" data-element_type=\"widget\" data-widget_type=\"text-editor.default\">\n\t\t\t\t<div class=\"elementor-widget-container\">\n\t\t\t\t\t\t\t<p>15.04.2019, Arcinfo<\/p>\n\t\t\t\t\t\t<\/div>\n\t\t\t\t<\/div>\n\t\t\t\t<div class=\"elementor-element elementor-element-15803a5 elementor-widget elementor-widget-heading\" data-id=\"15803a5\" data-element_type=\"widget\" data-widget_type=\"heading.default\">\n\t\t\t\t<div class=\"elementor-widget-container\">\n\t\t\t<h2 class=\"elementor-heading-title elementor-size-default\">3000 paires de skis pour un mus\u00e9e, le projet d'un collectionneur franc-montagnard<\/h2>\t\t<\/div>\n\t\t\t\t<\/div>\n\t\t\t\t<div class=\"elementor-element elementor-element-eeecb44 elementor-widget elementor-widget-heading\" data-id=\"eeecb44\" data-element_type=\"widget\" data-widget_type=\"heading.default\">\n\t\t\t\t<div class=\"elementor-widget-container\">\n\t\t\t<h2 class=\"elementor-heading-title elementor-size-default\"><a href=\"https:\/\/www.arcinfo.ch\/neuchatel-canton\/montagnes\/la-chaux-de-fonds\/3000-paires-de-skis-pour-un-musee-le-projet-dun-collectionneur-franc-montagnard-834299?utm_source=native&#038;utm_medium=link&#038;utm_campaign=article&#038;utm_term=2023-09-28\" target=\"_blank\">Read more \u2192<\/a><\/h2>\t\t<\/div>\n\t\t\t\t<\/div>\n\t\t\t\t\t<\/div>\n\t\t\t\t<\/div>\n\t\t\t\t<\/div>\n\t\t<div class=\"elementor-element elementor-element-931c330 e-con-full e-flex e-con e-child\" data-id=\"931c330\" data-element_type=\"container\" data-settings=\"{&quot;content_width&quot;:&quot;full&quot;,&quot;container_type&quot;:&quot;flex&quot;}\">\n\t\t\t\t<div class=\"elementor-element elementor-element-abff633 elementor-widget elementor-widget-image\" data-id=\"abff633\" data-element_type=\"widget\" data-widget_type=\"image.default\">\n\t\t\t\t<div class=\"elementor-widget-container\">\n\t\t\t\t\t\t\t\t\t\t\t\t\t\t\t<img loading=\"lazy\" decoding=\"async\" width=\"1080\" height=\"962\" src=\"https:\/\/museeduski.ch\/wp-content\/uploads\/2023\/10\/lematin.jpg\" class=\"attachment-full size-full wp-image-29955\" alt=\"\" srcset=\"https:\/\/museeduski.ch\/wp-content\/uploads\/2023\/10\/lematin.jpg 1080w, https:\/\/museeduski.ch\/wp-content\/uploads\/2023\/10\/lematin-300x267.jpg 300w, https:\/\/museeduski.ch\/wp-content\/uploads\/2023\/10\/lematin-1024x912.jpg 1024w, https:\/\/museeduski.ch\/wp-content\/uploads\/2023\/10\/lematin-768x684.jpg 768w\" sizes=\"auto, (max-width: 1080px) 100vw, 1080px\" \/>\t\t\t\t\t\t\t\t\t\t\t\t\t\t\t<\/div>\n\t\t\t\t<\/div>\n\t\t<div class=\"elementor-element elementor-element-9bd33d1 e-flex e-con-boxed e-con e-child\" data-id=\"9bd33d1\" data-element_type=\"container\" data-settings=\"{&quot;container_type&quot;:&quot;flex&quot;,&quot;content_width&quot;:&quot;boxed&quot;}\">\n\t\t\t\t\t<div class=\"e-con-inner\">\n\t\t\t\t<div class=\"elementor-element elementor-element-c0c1009 elementor-widget elementor-widget-text-editor\" data-id=\"c0c1009\" data-element_type=\"widget\" data-widget_type=\"text-editor.default\">\n\t\t\t\t<div class=\"elementor-widget-container\">\n\t\t\t\t\t\t\t<p>25.01.2022, Le Matin<\/p>\n\t\t\t\t\t\t<\/div>\n\t\t\t\t<\/div>\n\t\t\t\t<div class=\"elementor-element elementor-element-449b8d3 elementor-widget elementor-widget-heading\" data-id=\"449b8d3\" data-element_type=\"widget\" data-widget_type=\"heading.default\">\n\t\t\t\t<div class=\"elementor-widget-container\">\n\t\t\t<h2 class=\"elementor-heading-title elementor-size-default\">Ses skis font une bonne \"Affaire conclue\"<\/h2>\t\t<\/div>\n\t\t\t\t<\/div>\n\t\t\t\t<div class=\"elementor-element elementor-element-4be5a96 elementor-widget elementor-widget-heading\" data-id=\"4be5a96\" data-element_type=\"widget\" data-widget_type=\"heading.default\">\n\t\t\t\t<div class=\"elementor-widget-container\">\n\t\t\t<h2 class=\"elementor-heading-title elementor-size-default\"><a href=\"https:\/\/www.lematin.ch\/story\/ses-skis-font-une-bonne-affaire-conclue-516191152614\" target=\"_blank\">Read more \u2192<\/a><\/h2>\t\t<\/div>\n\t\t\t\t<\/div>\n\t\t\t\t\t<\/div>\n\t\t\t\t<\/div>\n\t\t\t\t<\/div>\n\t\t<div class=\"elementor-element elementor-element-8b41657 e-con-full e-flex e-con e-child\" data-id=\"8b41657\" data-element_type=\"container\" data-settings=\"{&quot;content_width&quot;:&quot;full&quot;,&quot;container_type&quot;:&quot;flex&quot;}\">\n\t\t\t\t<div class=\"elementor-element elementor-element-bad0654 elementor-widget elementor-widget-image\" data-id=\"bad0654\" data-element_type=\"widget\" data-widget_type=\"image.default\">\n\t\t\t\t<div class=\"elementor-widget-container\">\n\t\t\t\t\t\t\t\t\t\t\t\t\t\t\t<img loading=\"lazy\" decoding=\"async\" width=\"800\" height=\"448\" src=\"https:\/\/museeduski.ch\/wp-content\/uploads\/2023\/10\/RTS-1024x573.png\" class=\"attachment-large size-large wp-image-29958\" alt=\"\" srcset=\"https:\/\/museeduski.ch\/wp-content\/uploads\/2023\/10\/RTS-1024x573.png 1024w, https:\/\/museeduski.ch\/wp-content\/uploads\/2023\/10\/RTS-300x168.png 300w, https:\/\/museeduski.ch\/wp-content\/uploads\/2023\/10\/RTS-768x430.png 768w, https:\/\/museeduski.ch\/wp-content\/uploads\/2023\/10\/RTS-1536x860.png 1536w, https:\/\/museeduski.ch\/wp-content\/uploads\/2023\/10\/RTS.png 1744w\" sizes=\"auto, (max-width: 800px) 100vw, 800px\" \/>\t\t\t\t\t\t\t\t\t\t\t\t\t\t\t<\/div>\n\t\t\t\t<\/div>\n\t\t<div class=\"elementor-element elementor-element-2c1da63 e-flex e-con-boxed e-con e-child\" data-id=\"2c1da63\" data-element_type=\"container\" data-settings=\"{&quot;container_type&quot;:&quot;flex&quot;,&quot;content_width&quot;:&quot;boxed&quot;}\">\n\t\t\t\t\t<div class=\"e-con-inner\">\n\t\t\t\t<div class=\"elementor-element elementor-element-d1fe7b9 elementor-widget elementor-widget-text-editor\" data-id=\"d1fe7b9\" data-element_type=\"widget\" data-widget_type=\"text-editor.default\">\n\t\t\t\t<div class=\"elementor-widget-container\">\n\t\t\t\t\t\t\t<p>26.09.2023, RTS<\/p>\n\t\t\t\t\t\t<\/div>\n\t\t\t\t<\/div>\n\t\t\t\t<div class=\"elementor-element elementor-element-9393c2a elementor-widget elementor-widget-heading\" data-id=\"9393c2a\" data-element_type=\"widget\" data-widget_type=\"heading.default\">\n\t\t\t\t<div class=\"elementor-widget-container\">\n\t\t\t<h2 class=\"elementor-heading-title elementor-size-default\">Le premier mus\u00e9e suisse d\u00e9di\u00e9 au ski va ouvrir ce week-end dans le Jura<\/h2>\t\t<\/div>\n\t\t\t\t<\/div>\n\t\t\t\t<div class=\"elementor-element elementor-element-6800a85 elementor-widget elementor-widget-heading\" data-id=\"6800a85\" data-element_type=\"widget\" data-widget_type=\"heading.default\">\n\t\t\t\t<div class=\"elementor-widget-container\">\n\t\t\t<h2 class=\"elementor-heading-title elementor-size-default\"><a href=\"https:\/\/www.rts.ch\/info\/regions\/jura\/14342320-le-premier-musee-suisse-dedie-au-ski-va-ouvrir-ce-weekend-dans-le-jura.html%20\" target=\"_blank\">Read more \u2192<\/a><\/h2>\t\t<\/div>\n\t\t\t\t<\/div>\n\t\t\t\t\t<\/div>\n\t\t\t\t<\/div>\n\t\t\t\t<\/div>\n\t\t\t\t<\/div>\n\t\t<div class=\"elementor-element elementor-element-c950c63 e-con-full e-flex e-con e-parent\" data-id=\"c950c63\" data-element_type=\"container\" data-settings=\"{&quot;content_width&quot;:&quot;full&quot;,&quot;container_type&quot;:&quot;flex&quot;}\" data-core-v316-plus=\"true\">\n\t\t<div class=\"elementor-element elementor-element-fd13d4f e-con-full e-flex e-con e-child\" data-id=\"fd13d4f\" data-element_type=\"container\" data-settings=\"{&quot;content_width&quot;:&quot;full&quot;,&quot;container_type&quot;:&quot;flex&quot;}\">\n\t\t\t\t<div class=\"elementor-element elementor-element-14c46d4 elementor-widget elementor-widget-image\" data-id=\"14c46d4\" data-element_type=\"widget\" data-widget_type=\"image.default\">\n\t\t\t\t<div class=\"elementor-widget-container\">\n\t\t\t\t\t\t\t\t\t\t\t\t\t\t\t<img loading=\"lazy\" decoding=\"async\" width=\"814\" height=\"459\" src=\"https:\/\/museeduski.ch\/wp-content\/uploads\/2023\/10\/20230927101652055.jpg.webp\" class=\"attachment-full size-full wp-image-29964\" alt=\"\" srcset=\"https:\/\/museeduski.ch\/wp-content\/uploads\/2023\/10\/20230927101652055.jpg.webp 814w, https:\/\/museeduski.ch\/wp-content\/uploads\/2023\/10\/20230927101652055.jpg-300x169.webp 300w, https:\/\/museeduski.ch\/wp-content\/uploads\/2023\/10\/20230927101652055.jpg-768x433.webp 768w\" sizes=\"auto, (max-width: 814px) 100vw, 814px\" \/>\t\t\t\t\t\t\t\t\t\t\t\t\t\t\t<\/div>\n\t\t\t\t<\/div>\n\t\t<div class=\"elementor-element elementor-element-acb7817 e-flex e-con-boxed e-con e-child\" data-id=\"acb7817\" data-element_type=\"container\" data-settings=\"{&quot;container_type&quot;:&quot;flex&quot;,&quot;content_width&quot;:&quot;boxed&quot;}\">\n\t\t\t\t\t<div class=\"e-con-inner\">\n\t\t\t\t<div class=\"elementor-element elementor-element-3430098 elementor-widget elementor-widget-text-editor\" data-id=\"3430098\" data-element_type=\"widget\" data-widget_type=\"text-editor.default\">\n\t\t\t\t<div class=\"elementor-widget-container\">\n\t\t\t\t\t\t\t<p>27.09.2023, Linth-Zeitung<\/p>\n\t\t\t\t\t\t<\/div>\n\t\t\t\t<\/div>\n\t\t\t\t<div class=\"elementor-element elementor-element-bed51b8 elementor-widget elementor-widget-heading\" data-id=\"bed51b8\" data-element_type=\"widget\" data-widget_type=\"heading.default\">\n\t\t\t\t<div class=\"elementor-widget-container\">\n\t\t\t<h2 class=\"elementor-heading-title elementor-size-default\">Neues Skimuseum in den jurassischen Freibergen<\/h2>\t\t<\/div>\n\t\t\t\t<\/div>\n\t\t\t\t<div class=\"elementor-element elementor-element-4853693 elementor-widget elementor-widget-heading\" data-id=\"4853693\" data-element_type=\"widget\" data-widget_type=\"heading.default\">\n\t\t\t\t<div class=\"elementor-widget-container\">\n\t\t\t<h2 class=\"elementor-heading-title elementor-size-default\"><a href=\"https:\/\/www.linthzeitung.ch\/leben-freizeit\/le-boechet-ju-neues-skimuseum-in-den-jurassischen-freibergen\" target=\"_blank\">Read more \u2192<\/a><\/h2>\t\t<\/div>\n\t\t\t\t<\/div>\n\t\t\t\t\t<\/div>\n\t\t\t\t<\/div>\n\t\t\t\t<\/div>\n\t\t<div class=\"elementor-element elementor-element-ce9d9ac e-con-full e-flex e-con e-child\" data-id=\"ce9d9ac\" data-element_type=\"container\" data-settings=\"{&quot;content_width&quot;:&quot;full&quot;,&quot;container_type&quot;:&quot;flex&quot;}\">\n\t\t\t\t<div class=\"elementor-element elementor-element-a9871fd elementor-widget elementor-widget-image\" data-id=\"a9871fd\" data-element_type=\"widget\" data-widget_type=\"image.default\">\n\t\t\t\t<div class=\"elementor-widget-container\">\n\t\t\t\t\t\t\t\t\t\t\t\t\t\t\t<img loading=\"lazy\" decoding=\"async\" width=\"800\" height=\"845\" src=\"https:\/\/museeduski.ch\/wp-content\/uploads\/2023\/10\/Capture-decran-2023-10-16-a-09.52.38-969x1024.png\" class=\"attachment-large size-large wp-image-29967\" alt=\"\" srcset=\"https:\/\/museeduski.ch\/wp-content\/uploads\/2023\/10\/Capture-decran-2023-10-16-a-09.52.38-969x1024.png 969w, https:\/\/museeduski.ch\/wp-content\/uploads\/2023\/10\/Capture-decran-2023-10-16-a-09.52.38-284x300.png 284w, https:\/\/museeduski.ch\/wp-content\/uploads\/2023\/10\/Capture-decran-2023-10-16-a-09.52.38-768x811.png 768w, https:\/\/museeduski.ch\/wp-content\/uploads\/2023\/10\/Capture-decran-2023-10-16-a-09.52.38-1454x1536.png 1454w, https:\/\/museeduski.ch\/wp-content\/uploads\/2023\/10\/Capture-decran-2023-10-16-a-09.52.38-1939x2048.png 1939w, https:\/\/museeduski.ch\/wp-content\/uploads\/2023\/10\/Capture-decran-2023-10-16-a-09.52.38.png 2024w\" sizes=\"auto, (max-width: 800px) 100vw, 800px\" \/>\t\t\t\t\t\t\t\t\t\t\t\t\t\t\t<\/div>\n\t\t\t\t<\/div>\n\t\t<div class=\"elementor-element elementor-element-1dba969 e-flex e-con-boxed e-con e-child\" data-id=\"1dba969\" data-element_type=\"container\" data-settings=\"{&quot;container_type&quot;:&quot;flex&quot;,&quot;content_width&quot;:&quot;boxed&quot;}\">\n\t\t\t\t\t<div class=\"e-con-inner\">\n\t\t\t\t<div class=\"elementor-element elementor-element-486b710 elementor-widget elementor-widget-text-editor\" data-id=\"486b710\" data-element_type=\"widget\" data-widget_type=\"text-editor.default\">\n\t\t\t\t<div class=\"elementor-widget-container\">\n\t\t\t\t\t\t\t<p>30.09.2023, La Tribune de Gen\u00e8ve<\/p>\n\t\t\t\t\t\t<\/div>\n\t\t\t\t<\/div>\n\t\t\t\t<div class=\"elementor-element elementor-element-f21690b elementor-widget elementor-widget-heading\" data-id=\"f21690b\" data-element_type=\"widget\" data-widget_type=\"heading.default\">\n\t\t\t\t<div class=\"elementor-widget-container\">\n\t\t\t<h2 class=\"elementor-heading-title elementor-size-default\">Le Mus\u00e9e du Ski ouvre ses portes dans les Franches-Montagnes<\/h2>\t\t<\/div>\n\t\t\t\t<\/div>\n\t\t\t\t<div class=\"elementor-element elementor-element-23df3a7 elementor-widget elementor-widget-heading\" data-id=\"23df3a7\" data-element_type=\"widget\" data-widget_type=\"heading.default\">\n\t\t\t\t<div class=\"elementor-widget-container\">\n\t\t\t<h2 class=\"elementor-heading-title elementor-size-default\"><a href=\"https:\/\/museeduski.ch\/wp-content\/uploads\/2023\/10\/Article-Tribune-de-Geneve.pdf\" target=\"_blank\">Read more \u2192<\/a><\/h2>\t\t<\/div>\n\t\t\t\t<\/div>\n\t\t\t\t\t<\/div>\n\t\t\t\t<\/div>\n\t\t\t\t<\/div>\n\t\t<div class=\"elementor-element elementor-element-89756e6 e-con-full e-flex e-con e-child\" data-id=\"89756e6\" data-element_type=\"container\" data-settings=\"{&quot;content_width&quot;:&quot;full&quot;,&quot;container_type&quot;:&quot;flex&quot;}\">\n\t\t\t\t<div class=\"elementor-element elementor-element-2e6bff3 elementor-widget elementor-widget-image\" data-id=\"2e6bff3\" data-element_type=\"widget\" data-widget_type=\"image.default\">\n\t\t\t\t<div class=\"elementor-widget-container\">\n\t\t\t\t\t\t\t\t\t\t\t\t\t\t\t<img loading=\"lazy\" decoding=\"async\" width=\"800\" height=\"445\" src=\"https:\/\/museeduski.ch\/wp-content\/uploads\/2023\/10\/RSI-1024x570.png\" class=\"attachment-large size-large wp-image-29961\" alt=\"\" srcset=\"https:\/\/museeduski.ch\/wp-content\/uploads\/2023\/10\/RSI-1024x570.png 1024w, https:\/\/museeduski.ch\/wp-content\/uploads\/2023\/10\/RSI-300x167.png 300w, https:\/\/museeduski.ch\/wp-content\/uploads\/2023\/10\/RSI-768x427.png 768w, https:\/\/museeduski.ch\/wp-content\/uploads\/2023\/10\/RSI-1536x854.png 1536w, https:\/\/museeduski.ch\/wp-content\/uploads\/2023\/10\/RSI.png 1726w\" sizes=\"auto, (max-width: 800px) 100vw, 800px\" \/>\t\t\t\t\t\t\t\t\t\t\t\t\t\t\t<\/div>\n\t\t\t\t<\/div>\n\t\t<div class=\"elementor-element elementor-element-d550c7a e-flex e-con-boxed e-con e-child\" data-id=\"d550c7a\" data-element_type=\"container\" data-settings=\"{&quot;container_type&quot;:&quot;flex&quot;,&quot;content_width&quot;:&quot;boxed&quot;}\">\n\t\t\t\t\t<div class=\"e-con-inner\">\n\t\t\t\t<div class=\"elementor-element elementor-element-2cf0916 elementor-widget elementor-widget-text-editor\" data-id=\"2cf0916\" data-element_type=\"widget\" data-widget_type=\"text-editor.default\">\n\t\t\t\t<div class=\"elementor-widget-container\">\n\t\t\t\t\t\t\t<p>01.10.2023, RSI<\/p>\n\t\t\t\t\t\t<\/div>\n\t\t\t\t<\/div>\n\t\t\t\t<div class=\"elementor-element elementor-element-ac24d1f elementor-widget elementor-widget-heading\" data-id=\"ac24d1f\" data-element_type=\"widget\" data-widget_type=\"heading.default\">\n\t\t\t\t<div class=\"elementor-widget-container\">\n\t\t\t<h2 class=\"elementor-heading-title elementor-size-default\">Apre il museo swizzero dello sci<\/h2>\t\t<\/div>\n\t\t\t\t<\/div>\n\t\t\t\t<div class=\"elementor-element elementor-element-33391ab elementor-widget elementor-widget-heading\" data-id=\"33391ab\" data-element_type=\"widget\" data-widget_type=\"heading.default\">\n\t\t\t\t<div class=\"elementor-widget-container\">\n\t\t\t<h2 class=\"elementor-heading-title elementor-size-default\"><a href=\"https:\/\/www.rsi.ch\/info\/svizzera\/Apre-il-museo-svizzero-dello-sci--1893967.html\" target=\"_blank\">Read more \u2192<\/a><\/h2>\t\t<\/div>\n\t\t\t\t<\/div>\n\t\t\t\t\t<\/div>\n\t\t\t\t<\/div>\n\t\t\t\t<\/div>\n\t\t\t\t<\/div>\n\t\t<div class=\"elementor-element elementor-element-f6773b6 e-con-full e-flex e-con e-parent\" data-id=\"f6773b6\" data-element_type=\"container\" data-settings=\"{&quot;content_width&quot;:&quot;full&quot;,&quot;container_type&quot;:&quot;flex&quot;}\" data-core-v316-plus=\"true\">\n\t\t<div class=\"elementor-element elementor-element-a696f27 e-con-full e-flex e-con e-child\" data-id=\"a696f27\" data-element_type=\"container\" data-settings=\"{&quot;content_width&quot;:&quot;full&quot;,&quot;container_type&quot;:&quot;flex&quot;}\">\n\t\t\t\t<div class=\"elementor-element elementor-element-9443a78 elementor-widget elementor-widget-image\" data-id=\"9443a78\" data-element_type=\"widget\" data-widget_type=\"image.default\">\n\t\t\t\t<div class=\"elementor-widget-container\">\n\t\t\t\t\t\t\t\t\t\t\t\t\t\t\t<img loading=\"lazy\" decoding=\"async\" width=\"800\" height=\"513\" src=\"https:\/\/museeduski.ch\/wp-content\/uploads\/2025\/01\/Capture-decran-2025-01-07-162113-1-1024x657.png\" class=\"attachment-large size-large wp-image-30875\" alt=\"\" srcset=\"https:\/\/museeduski.ch\/wp-content\/uploads\/2025\/01\/Capture-decran-2025-01-07-162113-1-1024x657.png 1024w, https:\/\/museeduski.ch\/wp-content\/uploads\/2025\/01\/Capture-decran-2025-01-07-162113-1-300x193.png 300w, https:\/\/museeduski.ch\/wp-content\/uploads\/2025\/01\/Capture-decran-2025-01-07-162113-1-768x493.png 768w, https:\/\/museeduski.ch\/wp-content\/uploads\/2025\/01\/Capture-decran-2025-01-07-162113-1.png 1418w\" sizes=\"auto, (max-width: 800px) 100vw, 800px\" \/>\t\t\t\t\t\t\t\t\t\t\t\t\t\t\t<\/div>\n\t\t\t\t<\/div>\n\t\t\t\t<\/div>\n\t\t<div class=\"elementor-element elementor-element-1f8fa65 e-con-full e-flex e-con e-child\" data-id=\"1f8fa65\" data-element_type=\"container\" data-settings=\"{&quot;content_width&quot;:&quot;full&quot;,&quot;container_type&quot;:&quot;flex&quot;}\">\n\t\t\t\t<div class=\"elementor-element elementor-element-a44f905 elementor-widget elementor-widget-image\" data-id=\"a44f905\" data-element_type=\"widget\" data-widget_type=\"image.default\">\n\t\t\t\t<div class=\"elementor-widget-container\">\n\t\t\t\t\t\t\t\t\t\t\t\t\t\t\t<img loading=\"lazy\" decoding=\"async\" width=\"800\" height=\"499\" src=\"https:\/\/museeduski.ch\/wp-content\/uploads\/2025\/01\/Capture-decran-2025-01-07-162309-1-1024x639.png\" class=\"attachment-large size-large wp-image-30878\" alt=\"\" srcset=\"https:\/\/museeduski.ch\/wp-content\/uploads\/2025\/01\/Capture-decran-2025-01-07-162309-1-1024x639.png 1024w, https:\/\/museeduski.ch\/wp-content\/uploads\/2025\/01\/Capture-decran-2025-01-07-162309-1-300x187.png 300w, https:\/\/museeduski.ch\/wp-content\/uploads\/2025\/01\/Capture-decran-2025-01-07-162309-1-768x479.png 768w, https:\/\/museeduski.ch\/wp-content\/uploads\/2025\/01\/Capture-decran-2025-01-07-162309-1.png 1445w\" sizes=\"auto, (max-width: 800px) 100vw, 800px\" \/>\t\t\t\t\t\t\t\t\t\t\t\t\t\t\t<\/div>\n\t\t\t\t<\/div>\n\t\t\t\t<\/div>\n\t\t<div class=\"elementor-element elementor-element-8f29546 e-con-full e-flex e-con e-child\" data-id=\"8f29546\" data-element_type=\"container\" data-settings=\"{&quot;content_width&quot;:&quot;full&quot;,&quot;container_type&quot;:&quot;flex&quot;}\">\n\t\t\t\t<div class=\"elementor-element elementor-element-9412f97 elementor-widget elementor-widget-image\" data-id=\"9412f97\" data-element_type=\"widget\" data-widget_type=\"image.default\">\n\t\t\t\t<div class=\"elementor-widget-container\">\n\t\t\t\t\t\t\t\t\t\t\t\t\t\t\t<img loading=\"lazy\" decoding=\"async\" width=\"800\" height=\"396\" src=\"https:\/\/museeduski.ch\/wp-content\/uploads\/2025\/01\/Capture-decran-2025-01-07-161832-1-1024x507.png\" class=\"attachment-large size-large wp-image-30881\" alt=\"\" srcset=\"https:\/\/museeduski.ch\/wp-content\/uploads\/2025\/01\/Capture-decran-2025-01-07-161832-1-1024x507.png 1024w, https:\/\/museeduski.ch\/wp-content\/uploads\/2025\/01\/Capture-decran-2025-01-07-161832-1-300x149.png 300w, https:\/\/museeduski.ch\/wp-content\/uploads\/2025\/01\/Capture-decran-2025-01-07-161832-1-768x380.png 768w, https:\/\/museeduski.ch\/wp-content\/uploads\/2025\/01\/Capture-decran-2025-01-07-161832-1.png 1161w\" sizes=\"auto, (max-width: 800px) 100vw, 800px\" \/>\t\t\t\t\t\t\t\t\t\t\t\t\t\t\t<\/div>\n\t\t\t\t<\/div>\n\t\t\t\t<\/div>\n\t\t<div class=\"elementor-element elementor-element-9816030 e-con-full e-flex e-con e-child\" data-id=\"9816030\" data-element_type=\"container\" data-settings=\"{&quot;content_width&quot;:&quot;full&quot;,&quot;container_type&quot;:&quot;flex&quot;}\">\n\t\t\t\t<div class=\"elementor-element elementor-element-3387607 elementor-widget elementor-widget-text-editor\" data-id=\"3387607\" data-element_type=\"widget\" data-widget_type=\"text-editor.default\">\n\t\t\t\t<div class=\"elementor-widget-container\">\n\t\t\t\t\t\t\t<p>17.01.2024, Canal Alpha<\/p>\t\t\t\t\t\t<\/div>\n\t\t\t\t<\/div>\n\t\t\t\t<div class=\"elementor-element elementor-element-93100a7 elementor-widget elementor-widget-heading\" data-id=\"93100a7\" data-element_type=\"widget\" data-widget_type=\"heading.default\">\n\t\t\t\t<div class=\"elementor-widget-container\">\n\t\t\t<h2 class=\"elementor-heading-title elementor-size-default\">Le premier mus\u00e9e du ski avec Pierre-Eric et Laurent<\/h2>\t\t<\/div>\n\t\t\t\t<\/div>\n\t\t\t\t<div class=\"elementor-element elementor-element-6b52c39 elementor-widget elementor-widget-heading\" data-id=\"6b52c39\" data-element_type=\"widget\" data-widget_type=\"heading.default\">\n\t\t\t\t<div class=\"elementor-widget-container\">\n\t\t\t<h2 class=\"elementor-heading-title elementor-size-default\"><a href=\"https:\/\/www.canalalpha.ch\/play\/sans-rendez-vous\/episode\/32602\/le-premier-musee-du-ski-avec-pierre-eric-et-laurent\" target=\"_blank\">Read more \u2192<\/a><\/h2>\t\t<\/div>\n\t\t\t\t<\/div>\n\t\t\t\t<\/div>\n\t\t<div class=\"elementor-element elementor-element-123adfd e-con-full e-flex e-con e-child\" data-id=\"123adfd\" data-element_type=\"container\" data-settings=\"{&quot;content_width&quot;:&quot;full&quot;,&quot;container_type&quot;:&quot;flex&quot;}\">\n\t\t\t\t<div class=\"elementor-element elementor-element-7ef8940 elementor-widget elementor-widget-text-editor\" data-id=\"7ef8940\" data-element_type=\"widget\" data-widget_type=\"text-editor.default\">\n\t\t\t\t<div class=\"elementor-widget-container\">\n\t\t\t\t\t\t\t<p>26.01.2024, Skiing History, vol.36, n\u00b02<\/p>\t\t\t\t\t\t<\/div>\n\t\t\t\t<\/div>\n\t\t\t\t<div class=\"elementor-element elementor-element-2e28588 elementor-widget elementor-widget-heading\" data-id=\"2e28588\" data-element_type=\"widget\" data-widget_type=\"heading.default\">\n\t\t\t\t<div class=\"elementor-widget-container\">\n\t\t\t<h2 class=\"elementor-heading-title elementor-size-default\">New Swiss Ski Museum Opens in Le Bo\u00e9chet<\/h2>\t\t<\/div>\n\t\t\t\t<\/div>\n\t\t\t\t<div class=\"elementor-element elementor-element-6383c46 elementor-widget elementor-widget-heading\" data-id=\"6383c46\" data-element_type=\"widget\" data-widget_type=\"heading.default\">\n\t\t\t\t<div class=\"elementor-widget-container\">\n\t\t\t<h2 class=\"elementor-heading-title elementor-size-default\"><a href=\"https:\/\/www.skiinghistory.org\/article\/new-swiss-ski-museum-opens-le-boechet\" target=\"_blank\">Read more \u2192<\/a><\/h2>\t\t<\/div>\n\t\t\t\t<\/div>\n\t\t\t\t<\/div>\n\t\t<div class=\"elementor-element elementor-element-028c8c9 e-con-full e-flex e-con e-child\" data-id=\"028c8c9\" data-element_type=\"container\" data-settings=\"{&quot;content_width&quot;:&quot;full&quot;,&quot;container_type&quot;:&quot;flex&quot;}\">\n\t\t\t\t<div class=\"elementor-element elementor-element-7623602 elementor-widget elementor-widget-text-editor\" data-id=\"7623602\" data-element_type=\"widget\" data-widget_type=\"text-editor.default\">\n\t\t\t\t<div class=\"elementor-widget-container\">\n\t\t\t\t\t\t\t<p>14.05.2024, RFJ<\/p>\t\t\t\t\t\t<\/div>\n\t\t\t\t<\/div>\n\t\t\t\t<div class=\"elementor-element elementor-element-3518ea8 elementor-widget elementor-widget-heading\" data-id=\"3518ea8\" data-element_type=\"widget\" data-widget_type=\"heading.default\">\n\t\t\t\t<div class=\"elementor-widget-container\">\n\t\t\t<h2 class=\"elementor-heading-title elementor-size-default\">D\u00e9couvrir onze mus\u00e9es de la r\u00e9gion sous les rayons du soleil et de la lune<\/h2>\t\t<\/div>\n\t\t\t\t<\/div>\n\t\t\t\t<div class=\"elementor-element elementor-element-d5385d2 elementor-widget elementor-widget-heading\" data-id=\"d5385d2\" data-element_type=\"widget\" data-widget_type=\"heading.default\">\n\t\t\t\t<div class=\"elementor-widget-container\">\n\t\t\t<h2 class=\"elementor-heading-title elementor-size-default\"><a href=\"https:\/\/www.rfj.ch\/rfj\/Actualite\/Region\/20240514-Decouvrir-onze-musees-de-la-region-sous-les-rayons-du-soleil-et-de-la-lune.html\" target=\"_blank\">Read more \u2192<\/a><\/h2>\t\t<\/div>\n\t\t\t\t<\/div>\n\t\t\t\t<\/div>\n\t\t<div class=\"elementor-element elementor-element-8b16a4d e-con-full e-flex e-con e-child\" data-id=\"8b16a4d\" data-element_type=\"container\" data-settings=\"{&quot;content_width&quot;:&quot;full&quot;,&quot;container_type&quot;:&quot;flex&quot;}\">\n\t\t\t\t<\/div>\n\t\t<div class=\"elementor-element elementor-element-2ad324e e-con-full e-flex e-con e-child\" data-id=\"2ad324e\" data-element_type=\"container\" data-settings=\"{&quot;content_width&quot;:&quot;full&quot;,&quot;container_type&quot;:&quot;flex&quot;}\">\n\t\t\t\t<div class=\"elementor-element elementor-element-c0c4d0c elementor-widget elementor-widget-heading\" data-id=\"c0c4d0c\" data-element_type=\"widget\" data-widget_type=\"heading.default\">\n\t\t\t\t<div class=\"elementor-widget-container\">\n\t\t\t<h2 class=\"elementor-heading-title elementor-size-default\">Ajoutez votre titre ici<\/h2>\t\t<\/div>\n\t\t\t\t<\/div>\n\t\t\t\t<\/div>\n\t\t<div class=\"elementor-element elementor-element-b4535e0 e-con-full e-flex e-con e-child\" data-id=\"b4535e0\" data-element_type=\"container\" data-settings=\"{&quot;content_width&quot;:&quot;full&quot;,&quot;container_type&quot;:&quot;flex&quot;}\">\n\t\t<div class=\"elementor-element elementor-element-6d1e7b5 e-con-full e-flex e-con e-child\" data-id=\"6d1e7b5\" data-element_type=\"container\" data-settings=\"{&quot;content_width&quot;:&quot;full&quot;,&quot;container_type&quot;:&quot;flex&quot;}\">\n\t\t\t\t<div class=\"elementor-element elementor-element-a66e6ef elementor-widget elementor-widget-image\" data-id=\"a66e6ef\" data-element_type=\"widget\" data-widget_type=\"image.default\">\n\t\t\t\t<div class=\"elementor-widget-container\">\n\t\t\t\t\t\t\t\t\t\t\t\t\t\t\t<img loading=\"lazy\" decoding=\"async\" width=\"800\" height=\"509\" src=\"https:\/\/museeduski.ch\/wp-content\/uploads\/2025\/01\/Capture-decran-2025-01-07-161529-1-1024x652.png\" class=\"attachment-large size-large wp-image-30884\" alt=\"\" srcset=\"https:\/\/museeduski.ch\/wp-content\/uploads\/2025\/01\/Capture-decran-2025-01-07-161529-1-1024x652.png 1024w, https:\/\/museeduski.ch\/wp-content\/uploads\/2025\/01\/Capture-decran-2025-01-07-161529-1-300x191.png 300w, https:\/\/museeduski.ch\/wp-content\/uploads\/2025\/01\/Capture-decran-2025-01-07-161529-1-768x489.png 768w, https:\/\/museeduski.ch\/wp-content\/uploads\/2025\/01\/Capture-decran-2025-01-07-161529-1.png 1438w\" sizes=\"auto, (max-width: 800px) 100vw, 800px\" \/>\t\t\t\t\t\t\t\t\t\t\t\t\t\t\t<\/div>\n\t\t\t\t<\/div>\n\t\t\t\t<\/div>\n\t\t<div class=\"elementor-element elementor-element-2c43bfc e-con-full e-flex e-con e-child\" data-id=\"2c43bfc\" data-element_type=\"container\" data-settings=\"{&quot;content_width&quot;:&quot;full&quot;,&quot;container_type&quot;:&quot;flex&quot;}\">\n\t\t\t\t<div class=\"elementor-element elementor-element-ac14404 elementor-widget elementor-widget-image\" data-id=\"ac14404\" data-element_type=\"widget\" data-widget_type=\"image.default\">\n\t\t\t\t<div class=\"elementor-widget-container\">\n\t\t\t\t\t\t\t\t\t\t\t\t\t\t\t<img loading=\"lazy\" decoding=\"async\" width=\"800\" height=\"600\" src=\"https:\/\/museeduski.ch\/wp-content\/uploads\/2025\/01\/IMG20241120163327-scaled-1-1024x768.jpg\" class=\"attachment-large size-large wp-image-30887\" alt=\"\" srcset=\"https:\/\/museeduski.ch\/wp-content\/uploads\/2025\/01\/IMG20241120163327-scaled-1-1024x768.jpg 1024w, https:\/\/museeduski.ch\/wp-content\/uploads\/2025\/01\/IMG20241120163327-scaled-1-300x225.jpg 300w, https:\/\/museeduski.ch\/wp-content\/uploads\/2025\/01\/IMG20241120163327-scaled-1-768x576.jpg 768w, https:\/\/museeduski.ch\/wp-content\/uploads\/2025\/01\/IMG20241120163327-scaled-1-1536x1152.jpg 1536w, https:\/\/museeduski.ch\/wp-content\/uploads\/2025\/01\/IMG20241120163327-scaled-1-2048x1536.jpg 2048w\" sizes=\"auto, (max-width: 800px) 100vw, 800px\" \/>\t\t\t\t\t\t\t\t\t\t\t\t\t\t\t<\/div>\n\t\t\t\t<\/div>\n\t\t\t\t<\/div>\n\t\t<div class=\"elementor-element elementor-element-d3a04ca e-con-full e-flex e-con e-child\" data-id=\"d3a04ca\" data-element_type=\"container\" data-settings=\"{&quot;content_width&quot;:&quot;full&quot;,&quot;container_type&quot;:&quot;flex&quot;}\">\n\t\t\t\t<div class=\"elementor-element elementor-element-38931c8 elementor-widget elementor-widget-image\" data-id=\"38931c8\" data-element_type=\"widget\" data-widget_type=\"image.default\">\n\t\t\t\t<div class=\"elementor-widget-container\">\n\t\t\t\t\t\t\t\t\t\t\t\t\t\t\t<img loading=\"lazy\" decoding=\"async\" width=\"800\" height=\"207\" src=\"https:\/\/museeduski.ch\/wp-content\/uploads\/2025\/01\/Capture-decran-2025-01-07-162644-1-1024x265.png\" class=\"attachment-large size-large wp-image-30890\" alt=\"\" srcset=\"https:\/\/museeduski.ch\/wp-content\/uploads\/2025\/01\/Capture-decran-2025-01-07-162644-1-1024x265.png 1024w, https:\/\/museeduski.ch\/wp-content\/uploads\/2025\/01\/Capture-decran-2025-01-07-162644-1-300x77.png 300w, https:\/\/museeduski.ch\/wp-content\/uploads\/2025\/01\/Capture-decran-2025-01-07-162644-1-768x198.png 768w, https:\/\/museeduski.ch\/wp-content\/uploads\/2025\/01\/Capture-decran-2025-01-07-162644-1-1536x397.png 1536w, https:\/\/museeduski.ch\/wp-content\/uploads\/2025\/01\/Capture-decran-2025-01-07-162644-1.png 1862w\" sizes=\"auto, (max-width: 800px) 100vw, 800px\" \/>\t\t\t\t\t\t\t\t\t\t\t\t\t\t\t<\/div>\n\t\t\t\t<\/div>\n\t\t\t\t<\/div>\n\t\t<div class=\"elementor-element elementor-element-6929750 e-con-full e-flex e-con e-child\" data-id=\"6929750\" data-element_type=\"container\" data-settings=\"{&quot;content_width&quot;:&quot;full&quot;,&quot;container_type&quot;:&quot;flex&quot;}\">\n\t\t\t\t<div class=\"elementor-element elementor-element-9df1c39 elementor-widget elementor-widget-text-editor\" data-id=\"9df1c39\" data-element_type=\"widget\" data-widget_type=\"text-editor.default\">\n\t\t\t\t<div class=\"elementor-widget-container\">\n\t\t\t\t\t\t\t<p>30.09.2024, Canal Alpha<\/p>\t\t\t\t\t\t<\/div>\n\t\t\t\t<\/div>\n\t\t\t\t<div class=\"elementor-element elementor-element-6668932 elementor-widget elementor-widget-heading\" data-id=\"6668932\" data-element_type=\"widget\" data-widget_type=\"heading.default\">\n\t\t\t\t<div class=\"elementor-widget-container\">\n\t\t\t<h2 class=\"elementor-heading-title elementor-size-default\">Le Mus\u00e9e du Ski au Bo\u00e9chet souffle sa premi\u00e8re bougie<\/h2>\t\t<\/div>\n\t\t\t\t<\/div>\n\t\t\t\t<div class=\"elementor-element elementor-element-f178f81 elementor-widget elementor-widget-heading\" data-id=\"f178f81\" data-element_type=\"widget\" data-widget_type=\"heading.default\">\n\t\t\t\t<div class=\"elementor-widget-container\">\n\t\t\t<h2 class=\"elementor-heading-title elementor-size-default\"><a href=\"https:\/\/www.canalalpha.ch\/play\/la-boucle\/episode\/35329\/le-musee-du-ski-au-boechet-souffle-sa-premiere-bougie\" target=\"_blank\">Read more \u2192<\/a><\/h2>\t\t<\/div>\n\t\t\t\t<\/div>\n\t\t\t\t<\/div>\n\t\t<div class=\"elementor-element elementor-element-a012bd3 e-con-full e-flex e-con e-child\" data-id=\"a012bd3\" data-element_type=\"container\" data-settings=\"{&quot;content_width&quot;:&quot;full&quot;,&quot;container_type&quot;:&quot;flex&quot;}\">\n\t\t\t\t<div class=\"elementor-element elementor-element-32a5d17 elementor-widget elementor-widget-text-editor\" data-id=\"32a5d17\" data-element_type=\"widget\" data-widget_type=\"text-editor.default\">\n\t\t\t\t<div class=\"elementor-widget-container\">\n\t\t\t\t\t\t\t<p>07.12.2024, RTS 1\u00e8re<\/p>\t\t\t\t\t\t<\/div>\n\t\t\t\t<\/div>\n\t\t\t\t<div class=\"elementor-element elementor-element-4bf8f9b elementor-widget elementor-widget-heading\" data-id=\"4bf8f9b\" data-element_type=\"widget\" data-widget_type=\"heading.default\">\n\t\t\t\t<div class=\"elementor-widget-container\">\n\t\t\t<h2 class=\"elementor-heading-title elementor-size-default\">Gare \u00e0 vous, Beau et chaud au Bo\u00e9chet<\/h2>\t\t<\/div>\n\t\t\t\t<\/div>\n\t\t\t\t<div class=\"elementor-element elementor-element-98d0ffc elementor-widget elementor-widget-heading\" data-id=\"98d0ffc\" data-element_type=\"widget\" data-widget_type=\"heading.default\">\n\t\t\t\t<div class=\"elementor-widget-container\">\n\t\t\t<h2 class=\"elementor-heading-title elementor-size-default\"><a href=\"https:\/\/www.rts.ch\/audio-podcast\/2024\/audio\/beau-et-chaud-au-boechet-ju-28719966.html\" target=\"_blank\">Read more \u2192<\/a><\/h2>\t\t<\/div>\n\t\t\t\t<\/div>\n\t\t\t\t<\/div>\n\t\t<div class=\"elementor-element elementor-element-30e277c e-con-full e-flex e-con e-child\" data-id=\"30e277c\" data-element_type=\"container\" data-settings=\"{&quot;content_width&quot;:&quot;full&quot;,&quot;container_type&quot;:&quot;flex&quot;}\">\n\t\t\t\t<div class=\"elementor-element elementor-element-3b14652 elementor-widget elementor-widget-text-editor\" data-id=\"3b14652\" data-element_type=\"widget\" data-widget_type=\"text-editor.default\">\n\t\t\t\t<div class=\"elementor-widget-container\">\n\t\t\t\t\t\t\t<p>30.12.2024, RTS 1<\/p>\t\t\t\t\t\t<\/div>\n\t\t\t\t<\/div>\n\t\t\t\t<div class=\"elementor-element elementor-element-c8a0ff8 elementor-widget elementor-widget-heading\" data-id=\"c8a0ff8\" data-element_type=\"widget\" data-widget_type=\"heading.default\">\n\t\t\t\t<div class=\"elementor-widget-container\">\n\t\t\t<h2 class=\"elementor-heading-title elementor-size-default\">Dans le Jura, un mus\u00e9e rassemble de nombreux mat\u00e9riels de ski datant de l\u2019\u00e9poque. Des \u00e9quipements mythiques, remis \u00e0 l\u2019honneur par la s\u00e9rie Winter Palace<\/h2>\t\t<\/div>\n\t\t\t\t<\/div>\n\t\t\t\t<div class=\"elementor-element elementor-element-6a32bf3 elementor-widget elementor-widget-heading\" data-id=\"6a32bf3\" data-element_type=\"widget\" data-widget_type=\"heading.default\">\n\t\t\t\t<div class=\"elementor-widget-container\">\n\t\t\t<h2 class=\"elementor-heading-title elementor-size-default\"><a href=\"https:\/\/www.rts.ch\/play\/tv\/19h30\/video\/dans-le-jura-un-musee-rassemble-de-nombreux-materiels-de-ski-datant-de-lepoque--des-equipements-mythiques-remis-a-lhonneur-par-la-serie-winter-palace?urn=urn:rts:video:15384253\" target=\"_blank\">Read more \u2192<\/a><\/h2>\t\t<\/div>\n\t\t\t\t<\/div>\n\t\t\t\t<\/div>\n\t\t<div class=\"elementor-element elementor-element-12910b6 e-con-full e-flex e-con e-child\" data-id=\"12910b6\" data-element_type=\"container\" data-settings=\"{&quot;content_width&quot;:&quot;full&quot;,&quot;container_type&quot;:&quot;flex&quot;}\">\n\t\t\t\t<\/div>\n\t\t<div class=\"elementor-element elementor-element-7e046e0 e-con-full e-flex e-con e-child\" data-id=\"7e046e0\" data-element_type=\"container\" data-settings=\"{&quot;content_width&quot;:&quot;full&quot;,&quot;container_type&quot;:&quot;flex&quot;}\">\n\t\t\t\t<div class=\"elementor-element elementor-element-5addec6 elementor-widget elementor-widget-heading\" data-id=\"5addec6\" data-element_type=\"widget\" data-widget_type=\"heading.default\">\n\t\t\t\t<div class=\"elementor-widget-container\">\n\t\t\t<h2 class=\"elementor-heading-title elementor-size-default\">Ajoutez votre titre ici<\/h2>\t\t<\/div>\n\t\t\t\t<\/div>\n\t\t\t\t<\/div>\n\t\t\t\t<\/div>\n\t\t\t\t<\/div>\n\t\t\t\t\t\t\t<\/div>\n\t\t","protected":false},"excerpt":{"rendered":"<p>R\u00e9unissant des articles de la presse qui parle du Mus\u00e9e du Ski, du collectionneur et grand passionn\u00e9 de ski Laurent Donz\u00e9, admirez la collection selon la presse et lisez les meilleurs articles parus. 15.04.2019, Arcinfo 3000 paires de skis pour un mus\u00e9e, le projet d&#8217;un collectionneur franc-montagnard Read more \u2192 25.01.2022, Le Matin Ses skis [&hellip;]<\/p>\n","protected":false},"author":1,"featured_media":0,"parent":0,"menu_order":0,"comment_status":"closed","ping_status":"closed","template":"","meta":{"footnotes":""},"class_list":["post-30056","page","type-page","status-publish","hentry"],"acf":[],"_links":{"self":[{"href":"https:\/\/museeduski.ch\/en\/wp-json\/wp\/v2\/pages\/30056","targetHints":{"allow":["GET"]}}],"collection":[{"href":"https:\/\/museeduski.ch\/en\/wp-json\/wp\/v2\/pages"}],"about":[{"href":"https:\/\/museeduski.ch\/en\/wp-json\/wp\/v2\/types\/page"}],"author":[{"embeddable":true,"href":"https:\/\/museeduski.ch\/en\/wp-json\/wp\/v2\/users\/1"}],"replies":[{"embeddable":true,"href":"https:\/\/museeduski.ch\/en\/wp-json\/wp\/v2\/comments?post=30056"}],"version-history":[{"count":4,"href":"https:\/\/museeduski.ch\/en\/wp-json\/wp\/v2\/pages\/30056\/revisions"}],"predecessor-version":[{"id":30898,"href":"https:\/\/museeduski.ch\/en\/wp-json\/wp\/v2\/pages\/30056\/revisions\/30898"}],"wp:attachment":[{"href":"https:\/\/museeduski.ch\/en\/wp-json\/wp\/v2\/media?parent=30056"}],"curies":[{"name":"wp","href":"https:\/\/api.w.org\/{rel}","templated":true}]}}